{"id":1593,"date":"2015-06-09T16:31:03","date_gmt":"2015-06-09T14:31:03","guid":{"rendered":"http:\/\/solitude.saintefamille.fr\/?page_id=1593"},"modified":"2024-09-23T19:08:22","modified_gmt":"2024-09-23T17:08:22","slug":"1593-2","status":"publish","type":"page","link":"https:\/\/solitude.saintefamille.fr\/?page_id=1593","title":{"rendered":"Pierre-Bienvenu Noailles"},"content":{"rendered":"\n<div class=\"wp-block-columns alignwide is-layout-flex wp-container-core-columns-is-layout-28f84493 wp-block-columns-is-layout-flex\">\n<div class=\"wp-block-column is-layout-flow wp-block-column-is-layout-flow\">\n<figure class=\"wp-block-image size-full is-resized\"><a href=\"https:\/\/solitude.saintefamille.fr\/wp-content\/blogs.dir\/3\/files\/2015\/06\/PBN.jpg\"><img loading=\"lazy\" decoding=\"async\" width=\"489\" height=\"727\" src=\"https:\/\/solitude.saintefamille.fr\/wp-content\/blogs.dir\/3\/files\/2015\/06\/PBN.jpg\" alt=\"\" class=\"wp-image-1595\" style=\"width:321px;height:auto\" srcset=\"https:\/\/solitude.saintefamille.fr\/files\/2015\/06\/PBN.jpg 489w, https:\/\/solitude.saintefamille.fr\/files\/2015\/06\/PBN-202x300.jpg 202w\" sizes=\"auto, (max-width: 489px) 100vw, 489px\" \/><\/a><\/figure>\n<\/div>\n\n\n\n<div class=\"wp-block-column is-vertically-aligned-center is-layout-flow wp-block-column-is-layout-flow\">\n<h3 class=\"wp-block-heading has-text-align-center has-base-2-color has-text-color has-background has-link-color wp-elements-5911a5208a054143776efcfc647172f1\" style=\"background-color:#2f3982\"><strong>Fondateur de la Sainte Famille de Bordeaux<\/strong><\/h3>\n<\/div>\n<\/div>\n\n\n\n<div class=\"wp-block-group alignwide is-vertical is-layout-flex wp-container-core-group-is-layout-fe9cc265 wp-block-group-is-layout-flex\">\n<p><span style=\"color: #000080;\">Pierre-Bienvenu Noailles na\u00eet \u00e0 Bordeaux le 27 octobre 1793 dans une famille unie. Adolescent turbulent, il commence \u00e0 travailler d\u00e8s l&rsquo;\u00e2ge de dix-sept ans. Il fait sa premi\u00e8re communion en 1813 et entre au s\u00e9minaire de Saint-Sulpice trois ans plus tard. C&rsquo;est dans ce prestigieux institut o\u00f9 l&rsquo;on enseigne les grands ma\u00eetres de l&rsquo;\u00c9cole Fran\u00e7aise de spiritualit\u00e9, qu&rsquo;il d\u00e9couvre sa ligne directrice, son identit\u00e9 spirituelle. Elle peut se r\u00e9sumer dans cette phrase qui constitue le noyau central du charisme de fondateur qu&rsquo;il re\u00e7oit : \u00ab&nbsp;Chercher Dieu Seul en toutes choses comme J\u00e9sus, Marie et Joseph.&nbsp;\u00bb Il souhaitait renouveler l&rsquo;\u00c9glise de son temps et pr\u00e9senter au monde un Dieu proche, une \u00c9glise au visage familial rassemblant c\u00f4te \u00e0 c\u00f4te des hommes et des femmes aux \u00e9tats de vie diff\u00e9rents, occup\u00e9s \u00e0 des \u0153uvres diverses dans un m\u00eame esprit.<\/span><\/p>\n\n\n\n<p><span style=\"color: #000080;\"> Ordonn\u00e9 pr\u00eatre le 5 juin 1819 \u00e0 l&rsquo;\u00e9glise Saint-Sulpice \u00e0 Paris, il rejoint bient\u00f4t son dioc\u00e8se d&rsquo;origine o\u00f9 il est nomm\u00e9 vicaire \u00e0 la paroisse Sainte-Eulalie. L\u00e0, il rassemble diff\u00e9rentes personnes dans un <i>Cat\u00e9chisme de pers\u00e9v\u00e9rance<\/i> et tous ceux qui d\u00e9sirent participer \u00e0 son \u0153uvre, il les organise selon les besoins et les talents de chacun. \u00c0 tous et \u00e0 toutes il donne la m\u00eame direction: vivre en imitant les vertus de la Sainte Famille. Son projet prend officiellement racine lorsqu&rsquo;il rassemble en communaut\u00e9, le 28 mai 1820, trois jeunes filles qui sentent l&rsquo;appel \u00e0 se consacrer \u00e0 Dieu selon des voies nouvelles: la Sainte-Famille est n\u00e9e.<\/span><\/p>\n\n\n\n<p><span style=\"color: #000080;\"> Un autre \u00e9v\u00e9nement va contribuer \u00e0 accro\u00eetre le rayonnement de la Sainte-Famille. Le 3 f\u00e9vrier 1822, le Christ appara\u00eet \u00e0 l&rsquo;assistance lors d&rsquo;une exposition du saint Sacrement dans la chapelle des Filles de Notre-Dame de Lorette. Ce miracle conforte le P\u00e8re Noailles dans son projet.<\/span><\/p>\n\n\n\n<p><span style=\"color: #000080;\"> \u00c0 partir de cette date, la Sainte-Famille se d\u00e9veloppe consid\u00e9rablement: S\u0153urs de l&rsquo;Immacul\u00e9e Conception (\u00e9coles et \u0153uvres paroissiales), S\u0153urs de l&rsquo;Esp\u00e9rance (malades \u00e0 domicile et h\u00f4pitaux), S\u0153urs agricoles (familles paysannes, orphelinats agricoles), S\u0153urs de Sainte-Marthe (aide aux pr\u00eatres dans les presbyt\u00e8res, coll\u00e8ges, \u00e9v\u00each\u00e9s), S\u0153urs Solitaires (branche contemplative). Une branche de pr\u00eatres fut \u00e9galement cr\u00e9\u00e9e d\u00e8s 1822 mais \u00e0 la suite de diverses circonstances, elle ne connut jamais une situation stable et durable. L&rsquo;Association fut affili\u00e9e aux Oblats de Marie Immacul\u00e9e (fond\u00e9s par Eug\u00e8ne de Mazenod) jusqu&rsquo;en 1902-1903 afin de poursuivre l&rsquo;\u0153uvre du P\u00e8re Noailles apr\u00e8s sa mort.<\/span><\/p>\n\n\n\n<p><span style=\"color: #000080;\"> Le P\u00e8re Noailles mourut le 8 f\u00e9vrier 1861. Il laissait une association tr\u00e8s structur\u00e9e et forte de plusieurs milliers de membres. Il fut d\u00e9clar\u00e9 V\u00e9n\u00e9rable par le pape Jean-Paul II le 8 f\u00e9vrier 1988.<\/span><\/p>\n<\/div>\n","protected":false},"excerpt":{"rendered":"<p>Fondateur de la Sainte Famille de Bordeaux Pierre-Bienvenu Noailles na\u00eet \u00e0 Bordeaux le 27 octobre 1793 dans une famille unie. Adolescent turbulent, il commence \u00e0 travailler d\u00e8s l&rsquo;\u00e2ge de dix-sept [&hellip;]<\/p>\n","protected":false},"author":5,"featured_media":0,"parent":141,"menu_order":0,"comment_status":"closed","ping_status":"open","template":"","meta":{"_acf_changed":false,"_EventAllDay":false,"_EventTimezone":"","_EventStartDate":"","_EventEndDate":"","_EventStartDateUTC":"","_EventEndDateUTC":"","_EventShowMap":false,"_EventShowMapLink":false,"_EventURL":"","_EventCost":"","_EventCostDescription":"","_EventCurrencySymbol":"","_EventCurrencyCode":"","_EventCurrencyPosition":"","_EventDateTimeSeparator":"","_EventTimeRangeSeparator":"","_EventOrganizerID":[],"_EventVenueID":[],"_OrganizerEmail":"","_OrganizerPhone":"","_OrganizerWebsite":"","_VenueAddress":"","_VenueCity":"","_VenueCountry":"","_VenueProvince":"","_VenueState":"","_VenueZip":"","_VenuePhone":"","_VenueURL":"","_VenueStateProvince":"","_VenueLat":"","_VenueLng":"","_VenueShowMap":false,"_VenueShowMapLink":false,"footnotes":""},"class_list":["post-1593","page","type-page","status-publish","hentry"],"acf":[],"_links":{"self":[{"href":"https:\/\/solitude.saintefamille.fr\/index.php?rest_route=\/wp\/v2\/pages\/1593","targetHints":{"allow":["GET"]}}],"collection":[{"href":"https:\/\/solitude.saintefamille.fr\/index.php?rest_route=\/wp\/v2\/pages"}],"about":[{"href":"https:\/\/solitude.saintefamille.fr\/index.php?rest_route=\/wp\/v2\/types\/page"}],"author":[{"embeddable":true,"href":"https:\/\/solitude.saintefamille.fr\/index.php?rest_route=\/wp\/v2\/users\/5"}],"replies":[{"embeddable":true,"href":"https:\/\/solitude.saintefamille.fr\/index.php?rest_route=%2Fwp%2Fv2%2Fcomments&post=1593"}],"version-history":[{"count":14,"href":"https:\/\/solitude.saintefamille.fr\/index.php?rest_route=\/wp\/v2\/pages\/1593\/revisions"}],"predecessor-version":[{"id":3779,"href":"https:\/\/solitude.saintefamille.fr\/index.php?rest_route=\/wp\/v2\/pages\/1593\/revisions\/3779"}],"up":[{"embeddable":true,"href":"https:\/\/solitude.saintefamille.fr\/index.php?rest_route=\/wp\/v2\/pages\/141"}],"wp:attachment":[{"href":"https:\/\/solitude.saintefamille.fr\/index.php?rest_route=%2Fwp%2Fv2%2Fmedia&parent=1593"}],"curies":[{"name":"wp","href":"https:\/\/api.w.org\/{rel}","templated":true}]}}