{"id":4250,"date":"2025-04-28T18:55:18","date_gmt":"2025-04-28T16:55:18","guid":{"rendered":"https:\/\/solitude.saintefamille.fr\/?page_id=4250"},"modified":"2025-04-28T18:55:19","modified_gmt":"2025-04-28T16:55:19","slug":"hommage-au-pape-francois-plantons-un-arbre","status":"publish","type":"page","link":"https:\/\/solitude.saintefamille.fr\/?page_id=4250","title":{"rendered":"Hommage au Pape Fran\u00e7ois: Plantons un arbre!"},"content":{"rendered":"\n<figure class=\"wp-block-image size-large\"><a href=\"https:\/\/solitude.saintefamille.fr\/files\/2025\/04\/1444x920_le-pape-francois-s-apprete-a-planter-un-arbre-lors-de-la-fete-de-saint-francois-d-assise-en-2019-au-vatican.jpeg\"><img loading=\"lazy\" decoding=\"async\" width=\"1024\" height=\"652\" src=\"https:\/\/solitude.saintefamille.fr\/files\/2025\/04\/1444x920_le-pape-francois-s-apprete-a-planter-un-arbre-lors-de-la-fete-de-saint-francois-d-assise-en-2019-au-vatican-1024x652.jpeg\" alt=\"\" class=\"wp-image-4251\" srcset=\"https:\/\/solitude.saintefamille.fr\/files\/2025\/04\/1444x920_le-pape-francois-s-apprete-a-planter-un-arbre-lors-de-la-fete-de-saint-francois-d-assise-en-2019-au-vatican-1024x652.jpeg 1024w, https:\/\/solitude.saintefamille.fr\/files\/2025\/04\/1444x920_le-pape-francois-s-apprete-a-planter-un-arbre-lors-de-la-fete-de-saint-francois-d-assise-en-2019-au-vatican-300x191.jpeg 300w, https:\/\/solitude.saintefamille.fr\/files\/2025\/04\/1444x920_le-pape-francois-s-apprete-a-planter-un-arbre-lors-de-la-fete-de-saint-francois-d-assise-en-2019-au-vatican-768x489.jpeg 768w, https:\/\/solitude.saintefamille.fr\/files\/2025\/04\/1444x920_le-pape-francois-s-apprete-a-planter-un-arbre-lors-de-la-fete-de-saint-francois-d-assise-en-2019-au-vatican.jpeg 1157w\" sizes=\"auto, (max-width: 1024px) 100vw, 1024px\" \/><\/a><\/figure>\n\n\n\n<blockquote class=\"wp-block-quote has-background is-layout-flow wp-block-quote-is-layout-flow\" style=\"background-color:#d8f3dc\">\n<p class=\"has-medium-font-size\"><strong>\u00ab\u00a0Le d\u00e9fi urgent de sauvegarder notre maison commune inclut la pr\u00e9occupation d\u2019unir toute la famille humaine dans la recherche d\u2019un d\u00e9veloppement durable et int\u00e9gral, car nous savons que les choses peuvent changer. Le Cr\u00e9ateur ne nous abandonne pas, jamais il ne fait marche arri\u00e8re dans son projet d\u2019amour, il ne se repent pas de nous avoir cr\u00e9\u00e9s. L\u2019humanit\u00e9 poss\u00e8de encore la capacit\u00e9 de collaborer pour construire notre maison commune.\u00a0\u00bb<\/strong>        <strong>Laudato Si n\u00b013<\/strong><\/p>\n<\/blockquote>\n\n\n\n<h3 class=\"wp-block-heading has-text-align-center\"><strong>Un geste symbolique en ce jour d&rsquo;A-DIEU<\/strong>!<\/h3>\n\n\n\n<p>Les S\u0153urs de la Sainte Famille, r\u00e9unies en session internationale de Formation continue ont plant\u00e9 un arbre \u00e0 Martillac&nbsp; et se sont engag\u00e9es \u00e0 unir leurs efforts &nbsp;pour sauvegarder notre maison commune&nbsp;!<\/p>\n\n\n\n<div class=\"wp-block-columns is-layout-flex wp-container-core-columns-is-layout-28f84493 wp-block-columns-is-layout-flex\">\n<div class=\"wp-block-column is-layout-flow wp-block-column-is-layout-flow\" style=\"flex-basis:33.34%\">\n<figure class=\"wp-block-gallery alignfull has-nested-images columns-default is-cropped wp-block-gallery-1 is-layout-flex wp-block-gallery-is-layout-flex\">\n<figure class=\"wp-block-image size-large\"><a href=\"https:\/\/solitude.saintefamille.fr\/files\/2025\/04\/IMG-20250426-WA0004.jpg\"><img loading=\"lazy\" decoding=\"async\" width=\"577\" height=\"1024\" data-id=\"4252\" src=\"https:\/\/solitude.saintefamille.fr\/files\/2025\/04\/IMG-20250426-WA0004-577x1024.jpg\" alt=\"\" class=\"wp-image-4252\" srcset=\"https:\/\/solitude.saintefamille.fr\/files\/2025\/04\/IMG-20250426-WA0004-577x1024.jpg 577w, https:\/\/solitude.saintefamille.fr\/files\/2025\/04\/IMG-20250426-WA0004-169x300.jpg 169w, https:\/\/solitude.saintefamille.fr\/files\/2025\/04\/IMG-20250426-WA0004-768x1362.jpg 768w, https:\/\/solitude.saintefamille.fr\/files\/2025\/04\/IMG-20250426-WA0004-866x1536.jpg 866w, https:\/\/solitude.saintefamille.fr\/files\/2025\/04\/IMG-20250426-WA0004.jpg 902w\" sizes=\"auto, (max-width: 577px) 100vw, 577px\" \/><\/a><\/figure>\n<\/figure>\n<\/div>\n\n\n\n<div class=\"wp-block-column is-layout-flow wp-block-column-is-layout-flow\" style=\"flex-basis:33.34%\">\n<figure class=\"wp-block-image size-large\"><a href=\"https:\/\/solitude.saintefamille.fr\/files\/2025\/04\/IMG-20250426-WA0008.jpg\"><img loading=\"lazy\" decoding=\"async\" width=\"577\" height=\"1024\" src=\"https:\/\/solitude.saintefamille.fr\/files\/2025\/04\/IMG-20250426-WA0008-577x1024.jpg\" alt=\"\" class=\"wp-image-4254\" srcset=\"https:\/\/solitude.saintefamille.fr\/files\/2025\/04\/IMG-20250426-WA0008-577x1024.jpg 577w, https:\/\/solitude.saintefamille.fr\/files\/2025\/04\/IMG-20250426-WA0008-169x300.jpg 169w, https:\/\/solitude.saintefamille.fr\/files\/2025\/04\/IMG-20250426-WA0008-768x1362.jpg 768w, https:\/\/solitude.saintefamille.fr\/files\/2025\/04\/IMG-20250426-WA0008-866x1536.jpg 866w, https:\/\/solitude.saintefamille.fr\/files\/2025\/04\/IMG-20250426-WA0008.jpg 902w\" sizes=\"auto, (max-width: 577px) 100vw, 577px\" \/><\/a><\/figure>\n<\/div>\n\n\n\n<div class=\"wp-block-column is-layout-flow wp-block-column-is-layout-flow\" style=\"flex-basis:33.33%\">\n<figure class=\"wp-block-image size-large\"><a href=\"https:\/\/solitude.saintefamille.fr\/files\/2025\/04\/IMG-20250426-WA0012.jpg\"><img loading=\"lazy\" decoding=\"async\" width=\"577\" height=\"1024\" src=\"https:\/\/solitude.saintefamille.fr\/files\/2025\/04\/IMG-20250426-WA0012-577x1024.jpg\" alt=\"\" class=\"wp-image-4256\" srcset=\"https:\/\/solitude.saintefamille.fr\/files\/2025\/04\/IMG-20250426-WA0012-577x1024.jpg 577w, https:\/\/solitude.saintefamille.fr\/files\/2025\/04\/IMG-20250426-WA0012-169x300.jpg 169w, https:\/\/solitude.saintefamille.fr\/files\/2025\/04\/IMG-20250426-WA0012-768x1362.jpg 768w, https:\/\/solitude.saintefamille.fr\/files\/2025\/04\/IMG-20250426-WA0012-866x1536.jpg 866w, https:\/\/solitude.saintefamille.fr\/files\/2025\/04\/IMG-20250426-WA0012.jpg 902w\" sizes=\"auto, (max-width: 577px) 100vw, 577px\" \/><\/a><\/figure>\n<\/div>\n<\/div>\n\n\n\n<p class=\"has-text-align-center has-large-font-size\">En union avec toute la Famille de <\/p>\n\n\n\n<p class=\"has-text-align-center has-large-font-size\">Pierre-Bienvenu Noailles<\/p>\n\n\n\n<p><\/p>\n","protected":false},"excerpt":{"rendered":"<p>\u00ab\u00a0Le d\u00e9fi urgent de sauvegarder notre maison commune inclut la pr\u00e9occupation d\u2019unir toute la famille humaine dans la recherche d\u2019un d\u00e9veloppement durable et int\u00e9gral, car nous savons que les choses [&hellip;]<\/p>\n","protected":false},"author":1,"featured_media":0,"parent":3874,"menu_order":0,"comment_status":"closed","ping_status":"closed","template":"","meta":{"_acf_changed":false,"_EventAllDay":false,"_EventTimezone":"","_EventStartDate":"","_EventEndDate":"","_EventStartDateUTC":"","_EventEndDateUTC":"","_EventShowMap":false,"_EventShowMapLink":false,"_EventURL":"","_EventCost":"","_EventCostDescription":"","_EventCurrencySymbol":"","_EventCurrencyCode":"","_EventCurrencyPosition":"","_EventDateTimeSeparator":"","_EventTimeRangeSeparator":"","_EventOrganizerID":[],"_EventVenueID":[],"_OrganizerEmail":"","_OrganizerPhone":"","_OrganizerWebsite":"","_VenueAddress":"","_VenueCity":"","_VenueCountry":"","_VenueProvince":"","_VenueState":"","_VenueZip":"","_VenuePhone":"","_VenueURL":"","_VenueStateProvince":"","_VenueLat":"","_VenueLng":"","_VenueShowMap":false,"_VenueShowMapLink":false,"footnotes":""},"class_list":["post-4250","page","type-page","status-publish","hentry"],"acf":[],"_links":{"self":[{"href":"https:\/\/solitude.saintefamille.fr\/index.php?rest_route=\/wp\/v2\/pages\/4250","targetHints":{"allow":["GET"]}}],"collection":[{"href":"https:\/\/solitude.saintefamille.fr\/index.php?rest_route=\/wp\/v2\/pages"}],"about":[{"href":"https:\/\/solitude.saintefamille.fr\/index.php?rest_route=\/wp\/v2\/types\/page"}],"author":[{"embeddable":true,"href":"https:\/\/solitude.saintefamille.fr\/index.php?rest_route=\/wp\/v2\/users\/1"}],"replies":[{"embeddable":true,"href":"https:\/\/solitude.saintefamille.fr\/index.php?rest_route=%2Fwp%2Fv2%2Fcomments&post=4250"}],"version-history":[{"count":4,"href":"https:\/\/solitude.saintefamille.fr\/index.php?rest_route=\/wp\/v2\/pages\/4250\/revisions"}],"predecessor-version":[{"id":4260,"href":"https:\/\/solitude.saintefamille.fr\/index.php?rest_route=\/wp\/v2\/pages\/4250\/revisions\/4260"}],"up":[{"embeddable":true,"href":"https:\/\/solitude.saintefamille.fr\/index.php?rest_route=\/wp\/v2\/pages\/3874"}],"wp:attachment":[{"href":"https:\/\/solitude.saintefamille.fr\/index.php?rest_route=%2Fwp%2Fv2%2Fmedia&parent=4250"}],"curies":[{"name":"wp","href":"https:\/\/api.w.org\/{rel}","templated":true}]}}